{"id":3134,"date":"2021-02-11T21:33:43","date_gmt":"2021-02-11T21:33:43","guid":{"rendered":"https:\/\/www.xuq.es\/grupo_de_alojamiento_turistico\/?page_id=3134"},"modified":"2021-02-12T00:50:36","modified_gmt":"2021-02-12T00:50:36","slug":"valdeganga","status":"publish","type":"page","link":"https:\/\/www.xuq.es\/grupo_de_alojamiento_turistico\/valdeganga\/","title":{"rendered":"VALDEGANGA"},"content":{"rendered":"<div class=\"slider-wrapper relative\" id=\"slider-1180007203\" >\n    <div class=\"slider slider-nav-circle slider-nav-large slider-nav-light slider-style-normal\"\n        data-flickity-options='{\n            \"cellAlign\": \"center\",\n            \"imagesLoaded\": true,\n            \"lazyLoad\": 1,\n            \"freeScroll\": false,\n            \"wrapAround\": true,\n            \"autoPlay\": 6000,\n            \"pauseAutoPlayOnHover\" : true,\n            \"prevNextButtons\": true,\n            \"contain\" : true,\n            \"adaptiveHeight\" : true,\n            \"dragThreshold\" : 10,\n            \"percentPosition\": true,\n            \"pageDots\": false,\n            \"rightToLeft\": false,\n            \"draggable\": true,\n            \"selectedAttraction\": 0.1,\n            \"parallax\" : 0,\n            \"friction\": 0.6        }'\n        >\n        \n\n  <div class=\"banner has-hover has-slide-effect slide-zoom-in has-parallax\" id=\"banner-432926739\">\n          <div class=\"banner-inner fill\">\n        <div class=\"banner-bg fill\" data-parallax=\"-3\" data-parallax-container=\".banner\" data-parallax-background>\n            <img loading=\"lazy\" decoding=\"async\" width=\"1450\" height=\"816\" src=\"https:\/\/www.xuq.es\/grupo_de_alojamiento_turistico\/wp-content\/uploads\/2021\/02\/4356.jpg\" class=\"bg\" alt=\"\" srcset=\"https:\/\/www.xuq.es\/grupo_de_alojamiento_turistico\/wp-content\/uploads\/2021\/02\/4356.jpg 1450w, https:\/\/www.xuq.es\/grupo_de_alojamiento_turistico\/wp-content\/uploads\/2021\/02\/4356-300x169.jpg 300w, https:\/\/www.xuq.es\/grupo_de_alojamiento_turistico\/wp-content\/uploads\/2021\/02\/4356-1024x576.jpg 1024w, https:\/\/www.xuq.es\/grupo_de_alojamiento_turistico\/wp-content\/uploads\/2021\/02\/4356-768x432.jpg 768w, https:\/\/www.xuq.es\/grupo_de_alojamiento_turistico\/wp-content\/uploads\/2021\/02\/4356-247x139.jpg 247w, https:\/\/www.xuq.es\/grupo_de_alojamiento_turistico\/wp-content\/uploads\/2021\/02\/4356-510x287.jpg 510w\" sizes=\"auto, (max-width: 1450px) 100vw, 1450px\" \/>                                    \n                    <\/div>\n\t\t\n        <div class=\"banner-layers container\">\n            <div class=\"fill banner-link\"><\/div>            \n   <div id=\"text-box-785584486\" class=\"text-box banner-layer x50 md-x50 lg-x50 y70 md-y65 lg-y65 res-text\">\n                     <div data-animate=\"bounceIn\">           <div class=\"text-box-content text dark text-shadow-5\">\n              \n              <div class=\"text-inner text-center\">\n                  \n<h2 style=\"text-align: center;\">PUEBLOS HIST\u00d3RICOS<\/h2>\n              <\/div>\n           <\/div>\n       <\/div>                     \n<style>\n#text-box-785584486 {\n  width: 100%;\n}\n#text-box-785584486 .text-box-content {\n  font-size: 150%;\n}\n@media (min-width:550px) {\n  #text-box-785584486 {\n    width: 80%;\n  }\n  #text-box-785584486 .text-box-content {\n    font-size: 110%;\n  }\n}\n<\/style>\n    <\/div>\n \n        <\/div>\n      <\/div>\n\n            \n<style>\n#banner-432926739 {\n  padding-top: 580px;\n  background-color: rgb(0,0,0);\n}\n#banner-432926739 .overlay {\n  background-color: rgba(0, 0, 0, 0.3);\n}\n#banner-432926739 .banner-bg img {\n  object-position: 35% 23%;\n}\n<\/style>\n  <\/div>\n\n\n     <\/div>\n\n     <div class=\"loading-spin dark large centered\"><\/div>\n\n\t<\/div>\n\n\n\n\t<section class=\"section dark\" id=\"section_206734174\">\n\t\t<div class=\"section-bg fill\" >\n\t\t\t\t\t\t\t\t\t\n\t\t\t\n\n\t\t<\/div>\n\n\t\t\n\n\t\t<div class=\"section-content relative\">\n\t\t\t\n<div class=\"row\"  id=\"row-1732114238\">\n\n\t<div id=\"col-107352312\" class=\"col small-12 large-12\"  >\n\t\t\t\t<div class=\"col-inner\"  >\n\t\t\t\n\t\t\t\n\t<div id=\"gap-1744419294\" class=\"gap-element clearfix\" style=\"display:block; height:auto;\">\n\t\t\n<style>\n#gap-1744419294 {\n  padding-top: 30px;\n}\n<\/style>\n\t<\/div>\n\t\n<h1 style=\"text-align: center;\"><span style=\"font-size: 160%;\">VALDEGANGA<br \/><\/span><\/h1>\n<h3 style=\"text-align: center;\">Valdeganga es una poblaci\u00f3n de inmensos contrastes paisaj\u00edsticos, donde podemos encontrar una llanura en la que proliferan vi\u00f1edos de calidad, y una ribera en la cual podemos apreciar los atractivos del paisaje entorno al rio J\u00facar, que atraviesa esta comarca rompiendo la llanura y convirtiendo el lugar por donde pasa la zona de huertas, barrancos y vistas agrestes.<\/h3>\n\t\t<\/div>\n\t\t\t\t\t<\/div>\n\n\t\n<\/div>\n\t\t<\/div>\n\n\t\t\n<style>\n#section_206734174 {\n  padding-top: 30px;\n  padding-bottom: 30px;\n  background-color: rgb(0,0,0);\n}\n<\/style>\n\t<\/section>\n\t\n\t<div id=\"gap-1268409007\" class=\"gap-element clearfix\" style=\"display:block; height:auto;\">\n\t\t\n<style>\n#gap-1268409007 {\n  padding-top: 48px;\n}\n<\/style>\n\t<\/div>\n\t\n\n\t<section class=\"section\" id=\"section_1187897959\">\n\t\t<div class=\"section-bg fill\" >\n\t\t\t\t\t\t\t\t\t\n\t\t\t\n\n\t\t<\/div>\n\n\t\t\n\n\t\t<div class=\"section-content relative\">\n\t\t\t\n<div class=\"row\"  id=\"row-905139804\">\n\n\t<div id=\"col-1296238147\" class=\"col small-12 large-12\"  >\n\t\t\t\t<div class=\"col-inner\"  >\n\t\t\t\n\t\t\t\n\t<div id=\"gap-1534154849\" class=\"gap-element clearfix show-for-small\" style=\"display:block; height:auto;\">\n\t\t\n<style>\n#gap-1534154849 {\n  padding-top: 0px;\n}\n@media (min-width:550px) {\n  #gap-1534154849 {\n    padding-top: 58px;\n  }\n}\n<\/style>\n\t<\/div>\n\t\n<h3 style=\"text-align: center;\"><span style=\"font-size: 140%;\">VALDEGANGA<br \/><\/span><\/h3>\n<h3 style=\"text-align: center;\">Valdeganga tiene una iglesia parroquial bajo la advocaci\u00f3n de la Pur\u00edsima Concepci\u00f3n, el templo es del siglo XVIII, con planta de cruz latina, c\u00fapula de perfil levantino en el crucero. Tambi\u00e9n es de destacar el Ayuntamiento, ambos en la Plaza Mayor.<\/h3>\n<h3 style=\"text-align: center;\">En Puente Torres, una pedan\u00eda de la localidad por la que pasa el r\u00edo, existe un puente de indudable origen romano y en cuya explanada podr\u00e1s disfrutar de una tarde tranquila y agradable.<\/h3>\n<h3 style=\"text-align: center;\">Entre los lugares naturales de inter\u00e9s es muy recomendable visitar el paraje del \u201cCharco Azul\u201d donde confluyen las aguas del rio Valdemembra y el J\u00facar. La zona se adapt\u00f3 con pasarelas de madera que conectan varias zonas sobre el agua.<\/h3>\n<p>\u00a0<\/p>\n\t<div id=\"gap-1089594626\" class=\"gap-element clearfix\" style=\"display:block; height:auto;\">\n\t\t\n<style>\n#gap-1089594626 {\n  padding-top: 9px;\n}\n<\/style>\n\t<\/div>\n\t\n\t\t<\/div>\n\t\t\t\t\n<style>\n#col-1296238147 > .col-inner {\n  margin: 0px 0px -38px 0px;\n}\n<\/style>\n\t<\/div>\n\n\t\n<\/div>\n\t\t<\/div>\n\n\t\t\n<style>\n#section_1187897959 {\n  padding-top: 0px;\n  padding-bottom: 0px;\n}\n<\/style>\n\t<\/section>\n\t\n<div class=\"row row-small\"  id=\"row-1111603948\">\n\n\t<div id=\"col-676308979\" class=\"col medium-6 small-12 large-6\"  >\n\t\t\t\t<div class=\"col-inner\"  >\n\t\t\t\n\t\t\t\n\t<div class=\"box has-hover   has-hover box-bounce box-text-bottom\" >\n\n\t\t<div class=\"box-image\" >\n\t\t\t\t\t\t<div class=\"image-cover\" style=\"padding-top:300px;\">\n\t\t\t\t<img loading=\"lazy\" decoding=\"async\" width=\"900\" height=\"600\" src=\"https:\/\/www.xuq.es\/grupo_de_alojamiento_turistico\/wp-content\/uploads\/2021\/02\/99838.jpg\" class=\"attachment-original size-original\" alt=\"\" srcset=\"https:\/\/www.xuq.es\/grupo_de_alojamiento_turistico\/wp-content\/uploads\/2021\/02\/99838.jpg 900w, https:\/\/www.xuq.es\/grupo_de_alojamiento_turistico\/wp-content\/uploads\/2021\/02\/99838-300x200.jpg 300w, https:\/\/www.xuq.es\/grupo_de_alojamiento_turistico\/wp-content\/uploads\/2021\/02\/99838-768x512.jpg 768w, https:\/\/www.xuq.es\/grupo_de_alojamiento_turistico\/wp-content\/uploads\/2021\/02\/99838-247x165.jpg 247w, https:\/\/www.xuq.es\/grupo_de_alojamiento_turistico\/wp-content\/uploads\/2021\/02\/99838-510x340.jpg 510w\" sizes=\"auto, (max-width: 900px) 100vw, 900px\" \/>\t\t\t\t\t\t\t\t\t\t\t<\/div>\n\t\t\t\t\t<\/div>\n\n\t\t<div class=\"box-text text-center dark\" style=\"background-color:rgb(0, 0, 0);\">\n\t\t\t<div class=\"box-text-inner\">\n\t\t\t\t\n<h1 style=\"text-align: center;\">VALDEGANGA<\/h1>\n\t\t\t<\/div>\n\t\t<\/div>\n\t<\/div>\n\t\n\t\t<\/div>\n\t\t\t\t\t<\/div>\n\n\t\n\n\t<div id=\"col-1994551269\" class=\"col medium-6 small-12 large-6\"  >\n\t\t\t\t<div class=\"col-inner\"  >\n\t\t\t\n\t\t\t\n<table class=\"infobox geography vcard\">\n<tbody>\n<tr>\n<th scope=\"row\">\u00a0Com.\u00a0aut\u00f3noma<\/th>\n<td colspan=\"2\">\u00a0Castilla-La Mancha<\/td>\n<\/tr>\n<tr>\n<th scope=\"row\">\u2022\u00a0Provincia<\/th>\n<td colspan=\"2\">\u00a0Albacete<\/td>\n<\/tr>\n<tr>\n<th scope=\"row\">\u2022\u00a0Comarca<\/th>\n<td colspan=\"2\">La Manchuela<\/td>\n<\/tr>\n<tr>\n<th scope=\"row\">\u2022\u00a0Partido\u00a0judicial<\/th>\n<td colspan=\"2\">Albacete<\/td>\n<\/tr>\n<tr>\n<th scope=\"row\">\u2022\u00a0Mancomunidad<\/th>\n<td colspan=\"2\">La Manchuela<\/td>\n<\/tr>\n<tr>\n<th scope=\"row\">Ubicaci\u00f3n<\/th>\n<td colspan=\"2\"><span class=\"plainlinks nourlexpansion\"><span class=\"geo-default\"><span class=\"geo-dms\" title=\"Mapas, fotos y otros datos de 39\u00b006\u203246\u2033N 1\u00b040\u203222\u2033O\"><span class=\"latitude\">39\u00b006\u203246\u2033N <\/span><span class=\"longitude\">1\u00b040\u203222\u2033O<\/span><\/span><\/span><\/span><span id=\"coordinates\"><\/span><\/td>\n<\/tr>\n<tr>\n<th scope=\"row\">\u2022\u00a0Altitud<\/th>\n<td colspan=\"2\">676 msnm<\/td>\n<\/tr>\n<tr>\n<th scope=\"row\">Superficie<\/th>\n<td colspan=\"2\">115,45\u00a0km\u00b2<\/td>\n<\/tr>\n<tr>\n<th scope=\"row\">Poblaci\u00f3n<\/th>\n<td colspan=\"2\">1990 hab. (2020)<\/td>\n<\/tr>\n<tr>\n<th scope=\"row\">\u2022\u00a0Densidad<\/th>\n<td colspan=\"2\">16,96 hab.\/km\u00b2<\/td>\n<\/tr>\n<tr>\n<th scope=\"row\">Gentilicio<\/th>\n<td colspan=\"2\">valdegangueros, -a<\/td>\n<\/tr>\n<\/tbody>\n<\/table>\n\t\t<\/div>\n\t\t\t\t\t<\/div>\n\n\t\n<\/div>\n\n\t<section class=\"section\" id=\"section_686461380\">\n\t\t<div class=\"section-bg fill\" >\n\t\t\t\t\t\t\t\t\t\n\t\t\t\n\n\t\t<\/div>\n\n\t\t\n\n\t\t<div class=\"section-content relative\">\n\t\t\t\n\t<div id=\"gap-105059169\" class=\"gap-element clearfix\" style=\"display:block; height:auto;\">\n\t\t\n<style>\n#gap-105059169 {\n  padding-top: 21px;\n}\n<\/style>\n\t<\/div>\n\t\n<div class=\"row\"  id=\"row-1585571455\">\n\n\t<div id=\"col-476103617\" class=\"col small-12 large-12\"  >\n\t\t\t\t<div class=\"col-inner\"  >\n\t\t\t\n\t\t\t\n\t<div id=\"gap-906936116\" class=\"gap-element clearfix show-for-small\" style=\"display:block; height:auto;\">\n\t\t\n<style>\n#gap-906936116 {\n  padding-top: 0px;\n}\n@media (min-width:550px) {\n  #gap-906936116 {\n    padding-top: 58px;\n  }\n}\n<\/style>\n\t<\/div>\n\t\n<h3 style=\"text-align: center;\">Entre los monumentos civiles, adem\u00e1s de los antiguos ba\u00f1os \u00e1rabes, vale la pena enumerar algunos: el palacio de la calle de la Obra P\u00eda o el antiguo P\u00f3sito, ambos con fachada plateresca; la casa Tercia; el Ayuntamiento con su imponente fachada dieciochesca; la Casa Muro&#8230;<\/h3>\n<h3 style=\"text-align: center;\">De especial inter\u00e9s son las cuevas al pie de la muralla enmarcadas por chimeneas blancas que dividen el espacio exterior mientras el interior se excava en la roca. En las afueras encontramos las huellas del pasado arqueol\u00f3gico en el Pozo de la Pe\u00f1a o yacimiento de la Pe\u00f1uela.<\/h3>\n<h3 style=\"text-align: center;\">Su Semana Santa, declarada de Inter\u00e9s Tur\u00edstico Regional, remonta sus or\u00edgenes al a\u00f1o 1586.<\/h3>\n<h3 style=\"text-align: center;\">De gran fama y prestigio es el Festival de Teatro Cl\u00e1sico Ciudad de Chinchilla que se celebra en el mes de julio<\/h3>\n\t\t<\/div>\n\t\t\t\t\n<style>\n#col-476103617 > .col-inner {\n  margin: 0px 0px -38px 0px;\n}\n<\/style>\n\t<\/div>\n\n\t\n<\/div>\n\t<div id=\"gap-2128817077\" class=\"gap-element clearfix\" style=\"display:block; height:auto;\">\n\t\t\n<style>\n#gap-2128817077 {\n  padding-top: 52px;\n}\n<\/style>\n\t<\/div>\n\t\n\t\t<\/div>\n\n\t\t\n<style>\n#section_686461380 {\n  padding-top: 0px;\n  padding-bottom: 0px;\n}\n<\/style>\n\t<\/section>\n\t\n  <div class=\"banner-grid-wrapper\">\n  <div id=\"banner-grid-1443938717\" class=\"banner-grid row row-grid row-small row-box-shadow-3\" data-packery-options=\"\">\n                      \n<div class=\"col grid-col large-6 grid-col-1\" ><div class=\"col-inner\">\n\t<div class=\"img has-hover x md-x lg-x y md-y lg-y\" id=\"image_1961497378\">\n\t\t<a class=\"image-lightbox lightbox-gallery\" title=\"\" href=\"https:\/\/www.xuq.es\/grupo_de_alojamiento_turistico\/wp-content\/uploads\/2021\/02\/75EE9.jpg\">\t\t\t\t\t\t<div class=\"img-inner dark\" >\n\t\t\t<img loading=\"lazy\" decoding=\"async\" width=\"971\" height=\"525\" src=\"https:\/\/www.xuq.es\/grupo_de_alojamiento_turistico\/wp-content\/uploads\/2021\/02\/75EE9.jpg\" class=\"attachment-original size-original\" alt=\"\" srcset=\"https:\/\/www.xuq.es\/grupo_de_alojamiento_turistico\/wp-content\/uploads\/2021\/02\/75EE9.jpg 971w, https:\/\/www.xuq.es\/grupo_de_alojamiento_turistico\/wp-content\/uploads\/2021\/02\/75EE9-300x162.jpg 300w, https:\/\/www.xuq.es\/grupo_de_alojamiento_turistico\/wp-content\/uploads\/2021\/02\/75EE9-768x415.jpg 768w, https:\/\/www.xuq.es\/grupo_de_alojamiento_turistico\/wp-content\/uploads\/2021\/02\/75EE9-247x134.jpg 247w, https:\/\/www.xuq.es\/grupo_de_alojamiento_turistico\/wp-content\/uploads\/2021\/02\/75EE9-510x276.jpg 510w\" sizes=\"auto, (max-width: 971px) 100vw, 971px\" \/>\t\t\t\t\t\t\n\t\t\t\t\t<\/div>\n\t\t\t\t\t\t<\/a>\t\t\n<style>\n#image_1961497378 {\n  width: 100%;\n}\n<\/style>\n\t<\/div>\n\t\n<\/div><\/div>\n<div class=\"col grid-col large-3 grid-col-1\" ><div class=\"col-inner\">\n\t<div class=\"img has-hover x md-x lg-x y md-y lg-y\" id=\"image_1482340722\">\n\t\t<a class=\"image-lightbox lightbox-gallery\" title=\"\" href=\"https:\/\/www.xuq.es\/grupo_de_alojamiento_turistico\/wp-content\/uploads\/2021\/02\/4556.jpg\">\t\t\t\t\t\t<div class=\"img-inner dark\" >\n\t\t\t<img loading=\"lazy\" decoding=\"async\" width=\"1024\" height=\"768\" src=\"https:\/\/www.xuq.es\/grupo_de_alojamiento_turistico\/wp-content\/uploads\/2021\/02\/4556.jpg\" class=\"attachment-original size-original\" alt=\"\" srcset=\"https:\/\/www.xuq.es\/grupo_de_alojamiento_turistico\/wp-content\/uploads\/2021\/02\/4556.jpg 1024w, https:\/\/www.xuq.es\/grupo_de_alojamiento_turistico\/wp-content\/uploads\/2021\/02\/4556-300x225.jpg 300w, https:\/\/www.xuq.es\/grupo_de_alojamiento_turistico\/wp-content\/uploads\/2021\/02\/4556-768x576.jpg 768w, https:\/\/www.xuq.es\/grupo_de_alojamiento_turistico\/wp-content\/uploads\/2021\/02\/4556-247x185.jpg 247w, https:\/\/www.xuq.es\/grupo_de_alojamiento_turistico\/wp-content\/uploads\/2021\/02\/4556-510x383.jpg 510w\" sizes=\"auto, (max-width: 1024px) 100vw, 1024px\" \/>\t\t\t\t\t\t\n\t\t\t\t\t<\/div>\n\t\t\t\t\t\t<\/a>\t\t\n<style>\n#image_1482340722 {\n  width: 100%;\n}\n<\/style>\n\t<\/div>\n\t\n<\/div><\/div>\n<div class=\"col grid-col large-3 grid-col-1-2\" ><div class=\"col-inner\">\n\t<div class=\"img has-hover x md-x lg-x y md-y lg-y\" id=\"image_804616820\">\n\t\t<a class=\"image-lightbox lightbox-gallery\" title=\"\" href=\"https:\/\/www.xuq.es\/grupo_de_alojamiento_turistico\/wp-content\/uploads\/2021\/02\/5464-1024x673.jpg\">\t\t\t\t\t\t<div class=\"img-inner dark\" >\n\t\t\t<img loading=\"lazy\" decoding=\"async\" width=\"1049\" height=\"689\" src=\"https:\/\/www.xuq.es\/grupo_de_alojamiento_turistico\/wp-content\/uploads\/2021\/02\/5464.jpg\" class=\"attachment-original size-original\" alt=\"\" srcset=\"https:\/\/www.xuq.es\/grupo_de_alojamiento_turistico\/wp-content\/uploads\/2021\/02\/5464.jpg 1049w, https:\/\/www.xuq.es\/grupo_de_alojamiento_turistico\/wp-content\/uploads\/2021\/02\/5464-300x197.jpg 300w, https:\/\/www.xuq.es\/grupo_de_alojamiento_turistico\/wp-content\/uploads\/2021\/02\/5464-1024x673.jpg 1024w, https:\/\/www.xuq.es\/grupo_de_alojamiento_turistico\/wp-content\/uploads\/2021\/02\/5464-768x504.jpg 768w, https:\/\/www.xuq.es\/grupo_de_alojamiento_turistico\/wp-content\/uploads\/2021\/02\/5464-247x162.jpg 247w, https:\/\/www.xuq.es\/grupo_de_alojamiento_turistico\/wp-content\/uploads\/2021\/02\/5464-510x335.jpg 510w\" sizes=\"auto, (max-width: 1049px) 100vw, 1049px\" \/>\t\t\t\t\t\t\n\t\t\t\t\t<\/div>\n\t\t\t\t\t\t<\/a>\t\t\n<style>\n#image_804616820 {\n  width: 100%;\n}\n<\/style>\n\t<\/div>\n\t\n<\/div><\/div>\n<div class=\"col grid-col large-3 grid-col-1-2\" ><div class=\"col-inner\">\n\t<div class=\"img has-hover x md-x lg-x y md-y lg-y\" id=\"image_2126763169\">\n\t\t<a class=\"image-lightbox lightbox-gallery\" title=\"\" href=\"https:\/\/www.xuq.es\/grupo_de_alojamiento_turistico\/wp-content\/uploads\/2021\/02\/3556.jpg\">\t\t\t\t\t\t<div class=\"img-inner dark\" >\n\t\t\t<img loading=\"lazy\" decoding=\"async\" width=\"532\" height=\"375\" src=\"https:\/\/www.xuq.es\/grupo_de_alojamiento_turistico\/wp-content\/uploads\/2021\/02\/3556.jpg\" class=\"attachment-original size-original\" alt=\"\" srcset=\"https:\/\/www.xuq.es\/grupo_de_alojamiento_turistico\/wp-content\/uploads\/2021\/02\/3556.jpg 532w, https:\/\/www.xuq.es\/grupo_de_alojamiento_turistico\/wp-content\/uploads\/2021\/02\/3556-300x211.jpg 300w, https:\/\/www.xuq.es\/grupo_de_alojamiento_turistico\/wp-content\/uploads\/2021\/02\/3556-247x174.jpg 247w, https:\/\/www.xuq.es\/grupo_de_alojamiento_turistico\/wp-content\/uploads\/2021\/02\/3556-510x359.jpg 510w\" sizes=\"auto, (max-width: 532px) 100vw, 532px\" \/>\t\t\t\t\t\t\n\t\t\t\t\t<\/div>\n\t\t\t\t\t\t<\/a>\t\t\n<style>\n#image_2126763169 {\n  width: 100%;\n}\n<\/style>\n\t<\/div>\n\t\n<\/div><\/div>\n            <\/div>\n    <style>\n    #banner-grid-1443938717 .grid-col-1{height: 600px}\n    #banner-grid-1443938717 .grid-col-1-2{height: 300px}\n    #banner-grid-1443938717 .grid-col-1-3{height:200px}\n    #banner-grid-1443938717 .grid-col-2-3{height: 400px}\n    #banner-grid-1443938717 .grid-col-1-4{height: 150px}\n    #banner-grid-1443938717 .grid-col-3-4{height: 450px}\n\n\n    \n    \n\n  <\/style>\n    <\/div>\n  \n\n\t<section class=\"section\" id=\"section_206849539\">\n\t\t<div class=\"section-bg fill\" >\n\t\t\t\t\t\t\t\t\t\n\t\t\t\n\t<div class=\"is-border\"\n\t\tstyle=\"border-width:0px 0px 0px 0px;margin:0px 0px 0px 0px;\">\n\t<\/div>\n\n\t\t<\/div>\n\n\t\t\n\n\t\t<div class=\"section-content relative\">\n\t\t\t\n<div class=\"row\"  id=\"row-2023088709\">\n\n\t<div id=\"col-256239343\" class=\"col small-12 large-12\"  >\n\t\t\t\t<div class=\"col-inner text-center\"  >\n\t\t\t\n\t\t\t\n<p>PUEBLOS RECOMENDADOS POR DESCUBRIR EN LA PROVINCIA DESDE XUQ LOMAS DE RUVIRA:<\/p>\n\t\t<\/div>\n\t\t\t\t\n<style>\n#col-256239343 > .col-inner {\n  margin: 0px 0px -24px 0px;\n}\n<\/style>\n\t<\/div>\n\n\t\n\n<style>\n#row-2023088709 > .col > .col-inner {\n  padding: 0px 0px 0px 0px;\n}\n<\/style>\n<\/div>\n<div class=\"row\"  id=\"row-1944846409\">\n\n\t<div id=\"col-1304997555\" class=\"col medium-4 small-12 large-4\"  >\n\t\t\t\t<div class=\"col-inner\"  >\n\t\t\t\n\t\t\t\n<ul>\n<li><span style=\"font-size: 85%;\">TARAZONA DE LA MANCHA<img loading=\"lazy\" decoding=\"async\" class=\"alignnonewp-image-2213\" src=\"https:\/\/www.publiciti.es\/grupo_de_alojamiento_turistico\/wp-content\/uploads\/2021\/02\/552.png\" alt=\"\" width=\"18\" height=\"15\" \/> 42KM<\/span><\/li>\n<li><span style=\"font-size: 85%;\">VILLALGORDO DEL J\u00daCAR <img loading=\"lazy\" decoding=\"async\" class=\"alignnonewp-image-2213\" src=\"https:\/\/www.publiciti.es\/grupo_de_alojamiento_turistico\/wp-content\/uploads\/2021\/02\/552.png\" alt=\"\" width=\"18\" height=\"15\" \/> 56KM<\/span><\/li>\n<li><span style=\"font-size: 85%;\">ALMANSA <img loading=\"lazy\" decoding=\"async\" class=\"alignnonewp-image-2213\" src=\"https:\/\/www.publiciti.es\/grupo_de_alojamiento_turistico\/wp-content\/uploads\/2021\/02\/552.png\" alt=\"\" width=\"18\" height=\"15\" \/> 72KM<\/span><\/li>\n<li><span style=\"font-size: 85%;\">ALARC\u00d3N <span style=\"font-size: 75%;\">(Manchuela Conquense)<\/span> <img loading=\"lazy\" decoding=\"async\" class=\"alignnonewp-image-2213\" src=\"https:\/\/www.publiciti.es\/grupo_de_alojamiento_turistico\/wp-content\/uploads\/2021\/02\/552.png\" alt=\"\" width=\"18\" height=\"15\" \/> 95KM<br \/>\n<\/span><\/li>\n<li><span style=\"font-size: 85%;\">LI\u00c9TOR <img loading=\"lazy\" decoding=\"async\" class=\"alignnonewp-image-2213\" src=\"https:\/\/www.publiciti.es\/grupo_de_alojamiento_turistico\/wp-content\/uploads\/2021\/02\/552.png\" alt=\"\" width=\"18\" height=\"15\" \/> 95KM<\/span><\/li>\n<\/ul>\n\t\t<\/div>\n\t\t\t\t\n<style>\n#col-1304997555 > .col-inner {\n  margin: 0px 0px -24px 0px;\n}\n<\/style>\n\t<\/div>\n\n\t\n\n\t<div id=\"col-902343560\" class=\"col medium-4 small-12 large-4\"  >\n\t\t\t\t<div class=\"col-inner\"  >\n\t\t\t\n\t\t\t\n<ul>\n<li><span style=\"font-size: 85%;\">AYNA <img loading=\"lazy\" decoding=\"async\" class=\"alignnonewp-image-2213\" src=\"https:\/\/www.publiciti.es\/grupo_de_alojamiento_turistico\/wp-content\/uploads\/2021\/02\/552.png\" alt=\"\" width=\"18\" height=\"15\" \/> 103KM<\/span><\/li>\n<li><span style=\"font-size: 85%;\">ALCARAZ <img loading=\"lazy\" decoding=\"async\" class=\"alignnonewp-image-2213\" src=\"https:\/\/www.publiciti.es\/grupo_de_alojamiento_turistico\/wp-content\/uploads\/2021\/02\/552.png\" alt=\"\" width=\"18\" height=\"15\" \/> 120KM<\/span><\/li>\n<li><span style=\"font-size: 85%;\">BOGARRA <img loading=\"lazy\" decoding=\"async\" class=\"alignnonewp-image-2213\" src=\"https:\/\/www.publiciti.es\/grupo_de_alojamiento_turistico\/wp-content\/uploads\/2021\/02\/552.png\" alt=\"\" width=\"18\" height=\"15\" \/> 121KM<\/span><\/li>\n<li><span style=\"font-size: 85%;\">PATERNA DEL MADERA <img loading=\"lazy\" decoding=\"async\" class=\"alignnonewp-image-2213\" src=\"https:\/\/www.publiciti.es\/grupo_de_alojamiento_turistico\/wp-content\/uploads\/2021\/02\/552.png\" alt=\"\" width=\"18\" height=\"15\" \/> 124KM<\/span><\/li>\n<li><span style=\"font-size: 85%;\">ELCHE DE LA SIERRA <img loading=\"lazy\" decoding=\"async\" class=\"alignnonewp-image-2213\" src=\"https:\/\/www.publiciti.es\/grupo_de_alojamiento_turistico\/wp-content\/uploads\/2021\/02\/552.png\" alt=\"\" width=\"18\" height=\"15\" \/> 124KM<\/span><\/li>\n<\/ul>\n\t\t<\/div>\n\t\t\t\t\n<style>\n#col-902343560 > .col-inner {\n  margin: 0px 0px -24px 0px;\n}\n<\/style>\n\t<\/div>\n\n\t\n\n\t<div id=\"col-497065655\" class=\"col medium-3 small-12 large-3\"  >\n\t\t\t\t<div class=\"col-inner\"  >\n\t\t\t\n\t\t\t\n<ul>\n<li><span style=\"font-size: 85%;\">LETUR <img loading=\"lazy\" decoding=\"async\" class=\"alignnonewp-image-2213\" src=\"https:\/\/www.publiciti.es\/grupo_de_alojamiento_turistico\/wp-content\/uploads\/2021\/02\/552.png\" alt=\"\" width=\"18\" height=\"15\" \/> 140KM<\/span><\/li>\n<li><span style=\"font-size: 85%;\">RI\u00d3PAR <img loading=\"lazy\" decoding=\"async\" class=\"alignnonewp-image-2213\" src=\"https:\/\/www.publiciti.es\/grupo_de_alojamiento_turistico\/wp-content\/uploads\/2021\/02\/552.png\" alt=\"\" width=\"18\" height=\"15\" \/> 161KM<\/span><\/li>\n<li><span style=\"font-size: 85%;\">YESTE <img loading=\"lazy\" decoding=\"async\" class=\"alignnonewp-image-2213\" src=\"https:\/\/www.publiciti.es\/grupo_de_alojamiento_turistico\/wp-content\/uploads\/2021\/02\/552.png\" alt=\"\" width=\"18\" height=\"15\" \/> 166KM<\/span><\/li>\n<li><span style=\"font-size: 85%;\">NERPIO <img loading=\"lazy\" decoding=\"async\" class=\"alignnonewp-image-2213\" src=\"https:\/\/www.publiciti.es\/grupo_de_alojamiento_turistico\/wp-content\/uploads\/2021\/02\/552.png\" alt=\"\" width=\"18\" height=\"15\" \/> 232KM<\/span><\/li>\n<\/ul>\n\t\t<\/div>\n\t\t\t\t\n<style>\n#col-497065655 > .col-inner {\n  margin: 0px 0px -24px 0px;\n}\n<\/style>\n\t<\/div>\n\n\t\n\n<style>\n#row-1944846409 > .col > .col-inner {\n  padding: 0px 0px 0px 0px;\n}\n<\/style>\n<\/div>\n\t\t<\/div>\n\n\t\t\n<style>\n#section_206849539 {\n  padding-top: 30px;\n  padding-bottom: 30px;\n  background-color: rgb(255,255,255);\n}\n<\/style>\n\t<\/section>\n\t\n<div class=\"row align-center\"  id=\"row-1169658853\">\n\n\t<div id=\"col-1535163096\" class=\"col small-12 large-12\"  >\n\t\t\t\t<div class=\"col-inner text-center\"  >\n\t\t\t\n\t\t\t\n<a data-animate=\"fadeInLeft\" href=\"https:\/\/www.xuq.es\/grupo_de_alojamiento_turistico\/entorno\/\" class=\"button primary is-gloss\"  >\n\t<i class=\"icon-angle-left\" aria-hidden=\"true\" ><\/i>\t<span>VOLVER A ENTORNO<\/span>\n\t<\/a>\n\n\t\t<\/div>\n\t\t\t\t\t<\/div>\n\n\t\n<\/div>\n","protected":false},"excerpt":{"rendered":"","protected":false},"author":1,"featured_media":0,"parent":0,"menu_order":0,"comment_status":"closed","ping_status":"closed","template":"page-transparent-header-light.php","meta":{"footnotes":""},"class_list":["post-3134","page","type-page","status-publish","hentry"],"yoast_head":"<!-- This site is optimized with the Yoast SEO plugin v25.7 - https:\/\/yoast.com\/wordpress\/plugins\/seo\/ -->\n<title>VALDEGANGA - XUQ Hotels<\/title>\n<meta name=\"description\" content=\"[ux_slider bullets=&quot;false&quot;] [ux_banner height=&quot;580px&quot; slide_effect=&quot;zoom-in&quot; bg=&quot;3269&quot; bg_size=&quot;original&quot; bg_color=&quot;rgb(0,0,0)&quot; bg_overlay__sm=&quot;rgba(0, 0, 0, 0.3)&quot; bg_pos=&quot;35% 23%&quot; parallax=&quot;3&quot;] [text_box width=&quot;80&quot; width__sm=&quot;100&quot; scale=&quot;110&quot; scale__sm=&quot;150&quot; animate=&quot;bounceIn&quot; position_x=&quot;50&quot; position_x__sm=&quot;50&quot; position_y=&quot;65&quot; position_y__sm=&quot;70&quot; text_depth=&quot;5&quot;] PUEBLOS HIST\u00d3RICOS [\/text_box] [\/ux_banner]&hellip;\" \/>\n<meta name=\"robots\" content=\"index, follow, max-snippet:-1, max-image-preview:large, max-video-preview:-1\" \/>\n<link rel=\"canonical\" href=\"https:\/\/www.xuq.es\/grupo_de_alojamiento_turistico\/valdeganga\/\" \/>\n<meta property=\"og:locale\" content=\"es_ES\" \/>\n<meta property=\"og:type\" content=\"article\" \/>\n<meta property=\"og:title\" content=\"VALDEGANGA - XUQ Hotels\" \/>\n<meta property=\"og:url\" content=\"https:\/\/www.xuq.es\/grupo_de_alojamiento_turistico\/valdeganga\/\" \/>\n<meta property=\"og:site_name\" content=\"XUQ Hotels\" \/>\n<meta property=\"article:modified_time\" content=\"2021-02-12T00:50:36+00:00\" \/>\n<meta property=\"og:image\" content=\"https:\/\/www.publiciti.es\/grupo_de_alojamiento_turistico\/wp-content\/uploads\/2021\/02\/552.png\" \/>\n<meta name=\"twitter:card\" content=\"summary_large_image\" \/>\n<meta name=\"twitter:label1\" content=\"Tiempo de lectura\" \/>\n\t<meta name=\"twitter:data1\" content=\"4 minutos\" \/>\n<script type=\"application\/ld+json\" class=\"yoast-schema-graph\">{\"@context\":\"https:\/\/schema.org\",\"@graph\":[{\"@type\":\"WebPage\",\"@id\":\"https:\/\/www.xuq.es\/grupo_de_alojamiento_turistico\/valdeganga\/\",\"url\":\"https:\/\/www.xuq.es\/grupo_de_alojamiento_turistico\/valdeganga\/\",\"name\":\"VALDEGANGA - XUQ Hotels\",\"isPartOf\":{\"@id\":\"https:\/\/www.xuq.es\/grupo_de_alojamiento_turistico\/#website\"},\"primaryImageOfPage\":{\"@id\":\"https:\/\/www.xuq.es\/grupo_de_alojamiento_turistico\/valdeganga\/#primaryimage\"},\"image\":{\"@id\":\"https:\/\/www.xuq.es\/grupo_de_alojamiento_turistico\/valdeganga\/#primaryimage\"},\"thumbnailUrl\":\"https:\/\/www.publiciti.es\/grupo_de_alojamiento_turistico\/wp-content\/uploads\/2021\/02\/552.png\",\"datePublished\":\"2021-02-11T21:33:43+00:00\",\"dateModified\":\"2021-02-12T00:50:36+00:00\",\"breadcrumb\":{\"@id\":\"https:\/\/www.xuq.es\/grupo_de_alojamiento_turistico\/valdeganga\/#breadcrumb\"},\"inLanguage\":\"es\",\"potentialAction\":[{\"@type\":\"ReadAction\",\"target\":[\"https:\/\/www.xuq.es\/grupo_de_alojamiento_turistico\/valdeganga\/\"]}]},{\"@type\":\"ImageObject\",\"inLanguage\":\"es\",\"@id\":\"https:\/\/www.xuq.es\/grupo_de_alojamiento_turistico\/valdeganga\/#primaryimage\",\"url\":\"https:\/\/www.publiciti.es\/grupo_de_alojamiento_turistico\/wp-content\/uploads\/2021\/02\/552.png\",\"contentUrl\":\"https:\/\/www.publiciti.es\/grupo_de_alojamiento_turistico\/wp-content\/uploads\/2021\/02\/552.png\"},{\"@type\":\"BreadcrumbList\",\"@id\":\"https:\/\/www.xuq.es\/grupo_de_alojamiento_turistico\/valdeganga\/#breadcrumb\",\"itemListElement\":[{\"@type\":\"ListItem\",\"position\":1,\"name\":\"Home\",\"item\":\"https:\/\/www.xuq.es\/grupo_de_alojamiento_turistico\/\"},{\"@type\":\"ListItem\",\"position\":2,\"name\":\"VALDEGANGA\"}]},{\"@type\":\"WebSite\",\"@id\":\"https:\/\/www.xuq.es\/grupo_de_alojamiento_turistico\/#website\",\"url\":\"https:\/\/www.xuq.es\/grupo_de_alojamiento_turistico\/\",\"name\":\"XUQ Hotels\",\"description\":\"Grupo de Alojamiento Tur\u00edstico\",\"potentialAction\":[{\"@type\":\"SearchAction\",\"target\":{\"@type\":\"EntryPoint\",\"urlTemplate\":\"https:\/\/www.xuq.es\/grupo_de_alojamiento_turistico\/?s={search_term_string}\"},\"query-input\":{\"@type\":\"PropertyValueSpecification\",\"valueRequired\":true,\"valueName\":\"search_term_string\"}}],\"inLanguage\":\"es\"}]}<\/script>\n<!-- \/ Yoast SEO plugin. -->","yoast_head_json":{"title":"VALDEGANGA - XUQ Hotels","description":"[ux_slider bullets=\"false\"] [ux_banner height=\"580px\" slide_effect=\"zoom-in\" bg=\"3269\" bg_size=\"original\" bg_color=\"rgb(0,0,0)\" bg_overlay__sm=\"rgba(0, 0, 0, 0.3)\" bg_pos=\"35% 23%\" parallax=\"3\"] [text_box width=\"80\" width__sm=\"100\" scale=\"110\" scale__sm=\"150\" animate=\"bounceIn\" position_x=\"50\" position_x__sm=\"50\" position_y=\"65\" position_y__sm=\"70\" text_depth=\"5\"] PUEBLOS HIST\u00d3RICOS [\/text_box] [\/ux_banner]&hellip;","robots":{"index":"index","follow":"follow","max-snippet":"max-snippet:-1","max-image-preview":"max-image-preview:large","max-video-preview":"max-video-preview:-1"},"canonical":"https:\/\/www.xuq.es\/grupo_de_alojamiento_turistico\/valdeganga\/","og_locale":"es_ES","og_type":"article","og_title":"VALDEGANGA - XUQ Hotels","og_url":"https:\/\/www.xuq.es\/grupo_de_alojamiento_turistico\/valdeganga\/","og_site_name":"XUQ Hotels","article_modified_time":"2021-02-12T00:50:36+00:00","og_image":[{"url":"https:\/\/www.publiciti.es\/grupo_de_alojamiento_turistico\/wp-content\/uploads\/2021\/02\/552.png","type":"","width":"","height":""}],"twitter_card":"summary_large_image","twitter_misc":{"Tiempo de lectura":"4 minutos"},"schema":{"@context":"https:\/\/schema.org","@graph":[{"@type":"WebPage","@id":"https:\/\/www.xuq.es\/grupo_de_alojamiento_turistico\/valdeganga\/","url":"https:\/\/www.xuq.es\/grupo_de_alojamiento_turistico\/valdeganga\/","name":"VALDEGANGA - XUQ Hotels","isPartOf":{"@id":"https:\/\/www.xuq.es\/grupo_de_alojamiento_turistico\/#website"},"primaryImageOfPage":{"@id":"https:\/\/www.xuq.es\/grupo_de_alojamiento_turistico\/valdeganga\/#primaryimage"},"image":{"@id":"https:\/\/www.xuq.es\/grupo_de_alojamiento_turistico\/valdeganga\/#primaryimage"},"thumbnailUrl":"https:\/\/www.publiciti.es\/grupo_de_alojamiento_turistico\/wp-content\/uploads\/2021\/02\/552.png","datePublished":"2021-02-11T21:33:43+00:00","dateModified":"2021-02-12T00:50:36+00:00","breadcrumb":{"@id":"https:\/\/www.xuq.es\/grupo_de_alojamiento_turistico\/valdeganga\/#breadcrumb"},"inLanguage":"es","potentialAction":[{"@type":"ReadAction","target":["https:\/\/www.xuq.es\/grupo_de_alojamiento_turistico\/valdeganga\/"]}]},{"@type":"ImageObject","inLanguage":"es","@id":"https:\/\/www.xuq.es\/grupo_de_alojamiento_turistico\/valdeganga\/#primaryimage","url":"https:\/\/www.publiciti.es\/grupo_de_alojamiento_turistico\/wp-content\/uploads\/2021\/02\/552.png","contentUrl":"https:\/\/www.publiciti.es\/grupo_de_alojamiento_turistico\/wp-content\/uploads\/2021\/02\/552.png"},{"@type":"BreadcrumbList","@id":"https:\/\/www.xuq.es\/grupo_de_alojamiento_turistico\/valdeganga\/#breadcrumb","itemListElement":[{"@type":"ListItem","position":1,"name":"Home","item":"https:\/\/www.xuq.es\/grupo_de_alojamiento_turistico\/"},{"@type":"ListItem","position":2,"name":"VALDEGANGA"}]},{"@type":"WebSite","@id":"https:\/\/www.xuq.es\/grupo_de_alojamiento_turistico\/#website","url":"https:\/\/www.xuq.es\/grupo_de_alojamiento_turistico\/","name":"XUQ Hotels","description":"Grupo de Alojamiento Tur\u00edstico","potentialAction":[{"@type":"SearchAction","target":{"@type":"EntryPoint","urlTemplate":"https:\/\/www.xuq.es\/grupo_de_alojamiento_turistico\/?s={search_term_string}"},"query-input":{"@type":"PropertyValueSpecification","valueRequired":true,"valueName":"search_term_string"}}],"inLanguage":"es"}]}},"_links":{"self":[{"href":"https:\/\/www.xuq.es\/grupo_de_alojamiento_turistico\/wp-json\/wp\/v2\/pages\/3134","targetHints":{"allow":["GET"]}}],"collection":[{"href":"https:\/\/www.xuq.es\/grupo_de_alojamiento_turistico\/wp-json\/wp\/v2\/pages"}],"about":[{"href":"https:\/\/www.xuq.es\/grupo_de_alojamiento_turistico\/wp-json\/wp\/v2\/types\/page"}],"author":[{"embeddable":true,"href":"https:\/\/www.xuq.es\/grupo_de_alojamiento_turistico\/wp-json\/wp\/v2\/users\/1"}],"replies":[{"embeddable":true,"href":"https:\/\/www.xuq.es\/grupo_de_alojamiento_turistico\/wp-json\/wp\/v2\/comments?post=3134"}],"version-history":[{"count":3,"href":"https:\/\/www.xuq.es\/grupo_de_alojamiento_turistico\/wp-json\/wp\/v2\/pages\/3134\/revisions"}],"predecessor-version":[{"id":3270,"href":"https:\/\/www.xuq.es\/grupo_de_alojamiento_turistico\/wp-json\/wp\/v2\/pages\/3134\/revisions\/3270"}],"wp:attachment":[{"href":"https:\/\/www.xuq.es\/grupo_de_alojamiento_turistico\/wp-json\/wp\/v2\/media?parent=3134"}],"curies":[{"name":"wp","href":"https:\/\/api.w.org\/{rel}","templated":true}]}}